{"id":13809,"date":"2024-10-26T12:06:29","date_gmt":"2024-10-26T12:06:29","guid":{"rendered":"https:\/\/nuclearelectrica.ro\/ir\/?page_id=13809"},"modified":"2026-02-24T16:36:25","modified_gmt":"2026-02-24T16:36:25","slug":"consiliu-de-administratie","status":"publish","type":"page","link":"https:\/\/nuclearelectrica.ro\/ir\/guvernanta-corporativa\/consiliu-de-administratie\/","title":{"rendered":"Consiliu de administra\u021bie"},"content":{"rendered":"\t\t<div data-elementor-type=\"wp-page\" data-elementor-id=\"13809\" class=\"elementor elementor-13809\">\n\t\t\t\t\t\t<section class=\"elementor-section elementor-top-section elementor-element elementor-element-e800921 elementor-section-full_width elementor-section-height-default elementor-section-height-default\" data-id=\"e800921\" data-element_type=\"section\">\n\t\t\t\t\t\t<div class=\"elementor-container elementor-column-gap-default\">\n\t\t\t\t\t<div class=\"elementor-column elementor-col-100 elementor-top-column elementor-element elementor-element-cf30cad top column-style-top\" data-id=\"cf30cad\" data-element_type=\"column\">\n\t\t\t<div class=\"elementor-widget-wrap elementor-element-populated\">\n\t\t\t\t\t\t<div class=\"elementor-element elementor-element-f830dfb elementor-widget elementor-widget-image\" data-id=\"f830dfb\" data-element_type=\"widget\" data-widget_type=\"image.default\">\n\t\t\t\t<div class=\"elementor-widget-container\">\n\t\t\t\t\t\t\t\t\t\t\t\t\t\t\t<img fetchpriority=\"high\" decoding=\"async\" width=\"1920\" height=\"284\" src=\"https:\/\/nuclearelectrica.ro\/ir\/wp-content\/uploads\/sites\/3\/2024\/10\/SNN_ptSITE_pagini-SNN_DESPRE-NOI_benzi_02-Guvernanta_20241011.jpg\" class=\"attachment-full size-full wp-image-13555\" alt=\"\" srcset=\"https:\/\/nuclearelectrica.ro\/ir\/wp-content\/uploads\/sites\/3\/2024\/10\/SNN_ptSITE_pagini-SNN_DESPRE-NOI_benzi_02-Guvernanta_20241011.jpg 1920w, https:\/\/nuclearelectrica.ro\/ir\/wp-content\/uploads\/sites\/3\/2024\/10\/SNN_ptSITE_pagini-SNN_DESPRE-NOI_benzi_02-Guvernanta_20241011-1024x151.jpg 1024w, https:\/\/nuclearelectrica.ro\/ir\/wp-content\/uploads\/sites\/3\/2024\/10\/SNN_ptSITE_pagini-SNN_DESPRE-NOI_benzi_02-Guvernanta_20241011-768x114.jpg 768w, https:\/\/nuclearelectrica.ro\/ir\/wp-content\/uploads\/sites\/3\/2024\/10\/SNN_ptSITE_pagini-SNN_DESPRE-NOI_benzi_02-Guvernanta_20241011-600x89.jpg 600w\" sizes=\"(max-width: 1920px) 100vw, 1920px\" \/>\t\t\t\t\t\t\t\t\t\t\t\t\t\t\t<\/div>\n\t\t\t\t<\/div>\n\t\t\t\t<section class=\"elementor-section elementor-inner-section elementor-element elementor-element-6c3214b relative elementor-section-boxed elementor-section-height-default elementor-section-height-default\" data-id=\"6c3214b\" data-element_type=\"section\">\n\t\t\t\t\t\t<div class=\"elementor-container elementor-column-gap-default\">\n\t\t\t\t\t<div class=\"elementor-column elementor-col-100 elementor-inner-column elementor-element elementor-element-3e6981e elementor-container top column-style-top\" data-id=\"3e6981e\" data-element_type=\"column\">\n\t\t\t<div class=\"elementor-widget-wrap elementor-element-populated\">\n\t\t\t\t\t\t<div class=\"elementor-element elementor-element-ab26762 elementor-widget__width-initial elementor-widget elementor-widget-heading\" data-id=\"ab26762\" data-element_type=\"widget\" data-widget_type=\"heading.default\">\n\t\t\t\t<div class=\"elementor-widget-container\">\n\t\t\t\t\t<h1 class=\"elementor-heading-title elementor-size-default\">Componen\u021ba Consiliului de Administra\u021bie al \n<br>Societ\u0103\u021bii Na\u021bionale Nuclearelectrica SA<\/h1>\t\t\t\t<\/div>\n\t\t\t\t<\/div>\n\t\t\t\t\t<\/div>\n\t\t<\/div>\n\t\t\t\t\t<\/div>\n\t\t<\/section>\n\t\t\t\t\t<\/div>\n\t\t<\/div>\n\t\t\t\t\t<\/div>\n\t\t<\/section>\n\t\t\t\t<section class=\"elementor-section elementor-top-section elementor-element elementor-element-6c4721e elementor-section-boxed elementor-section-height-default elementor-section-height-default\" data-id=\"6c4721e\" data-element_type=\"section\">\n\t\t\t\t\t\t<div class=\"elementor-container elementor-column-gap-default\">\n\t\t\t\t\t<div class=\"elementor-column elementor-col-100 elementor-top-column elementor-element elementor-element-5a26422 top column-style-top\" data-id=\"5a26422\" data-element_type=\"column\">\n\t\t\t<div class=\"elementor-widget-wrap elementor-element-populated\">\n\t\t\t\t\t\t<div class=\"elementor-element elementor-element-5162792 elementor-widget elementor-widget-gva-teams\" data-id=\"5162792\" data-element_type=\"widget\" data-widget_type=\"gva-teams.default\">\n\t\t\t\t<div class=\"elementor-widget-container\">\n\t\t\t\t\t<div class=\"gva-element-gva-teams gva-element\">  \r\n  <div class=\"gva-teams-grid clearfix grid-316f\">\r\n      <div class=\"gva-content-items\"> \r\n        <div class=\"lg-block-grid-3 md-block-grid-3 sm-block-grid-2 xs-block-grid-1 xx-block-grid-1\">\r\n          <div class=\"item-columns\"><div class=\"team-block team-v1\">\n         <div class=\"team-image\">\n         <a class=\"overlay\" href=\"https:\/\/nuclearelectrica.ro\/ir\/team\/gheorghe-ionita\/\"><\/a>\n         <div class=\"test\">\n            <img decoding=\"async\" width=\"1977\" height=\"2372\" src=\"https:\/\/nuclearelectrica.ro\/ir\/wp-content\/uploads\/sites\/3\/2025\/02\/DSC_8675-1.jpg\" class=\"attachment-full size-full wp-post-image\" alt=\"\" srcset=\"https:\/\/nuclearelectrica.ro\/ir\/wp-content\/uploads\/sites\/3\/2025\/02\/DSC_8675-1.jpg 1977w, https:\/\/nuclearelectrica.ro\/ir\/wp-content\/uploads\/sites\/3\/2025\/02\/DSC_8675-1-853x1024.jpg 853w, https:\/\/nuclearelectrica.ro\/ir\/wp-content\/uploads\/sites\/3\/2025\/02\/DSC_8675-1-768x921.jpg 768w\" sizes=\"(max-width: 1977px) 100vw, 1977px\" \/>         <\/div>\n\n      <\/div>\n      <div class=\"team-content\">\n      <div class=\"team-content-inner\">\n         <h3 class=\"team-name\"><a href=\"https:\/\/nuclearelectrica.ro\/ir\/team\/gheorghe-ionita\/\">Gheorghe Ionita<\/a><\/h3>\n                     <div class=\"team-job\">\n               <ul style=\"list-style:none;margin-left:-17px;line-height:normal\">\n                  Membru al Consiliului de Administra\u021bie               <\/ul>\n            <\/div>\n                              <div class=\"socials-team\">\n                                                            <\/div>\n         \n      <\/div>\n   <\/div>\n   <\/div><\/div><div class=\"item-columns\"><div class=\"team-block team-v1\">\n         <div class=\"team-image\">\n         <a class=\"overlay\" href=\"https:\/\/nuclearelectrica.ro\/ir\/team\/vasilica-grajdan\/\"><\/a>\n         <div class=\"test\">\n            <img decoding=\"async\" width=\"550\" height=\"825\" src=\"https:\/\/nuclearelectrica.ro\/ir\/wp-content\/uploads\/sites\/3\/2024\/10\/WhatsApp-Image-2022-09-29-at-17.26.06.jpg\" class=\"attachment-full size-full wp-post-image\" alt=\"\" \/>         <\/div>\n\n      <\/div>\n      <div class=\"team-content\">\n      <div class=\"team-content-inner\">\n         <h3 class=\"team-name\"><a href=\"https:\/\/nuclearelectrica.ro\/ir\/team\/vasilica-grajdan\/\">Vasilica Grajdan<\/a><\/h3>\n                     <div class=\"team-job\">\n               <ul style=\"list-style:none;margin-left:-17px;line-height:normal\">\n                  Membru al Consiliului de Administra\u021bie               <\/ul>\n            <\/div>\n                              <div class=\"socials-team\">\n                                                            <\/div>\n         \n      <\/div>\n   <\/div>\n   <\/div><\/div><div class=\"item-columns\"><div class=\"team-block team-v1\">\n         <div class=\"team-image\">\n         <a class=\"overlay\" href=\"https:\/\/nuclearelectrica.ro\/ir\/team\/nina-popa-2\/\"><\/a>\n         <div class=\"test\">\n            <img loading=\"lazy\" decoding=\"async\" width=\"1419\" height=\"1600\" src=\"https:\/\/nuclearelectrica.ro\/ir\/wp-content\/uploads\/sites\/3\/2024\/10\/IMG-20251126-WA0015.jpg\" class=\"attachment-full size-full wp-post-image\" alt=\"\" srcset=\"https:\/\/nuclearelectrica.ro\/ir\/wp-content\/uploads\/sites\/3\/2024\/10\/IMG-20251126-WA0015.jpg 1419w, https:\/\/nuclearelectrica.ro\/ir\/wp-content\/uploads\/sites\/3\/2024\/10\/IMG-20251126-WA0015-908x1024.jpg 908w, https:\/\/nuclearelectrica.ro\/ir\/wp-content\/uploads\/sites\/3\/2024\/10\/IMG-20251126-WA0015-768x866.jpg 768w\" sizes=\"(max-width: 1419px) 100vw, 1419px\" \/>         <\/div>\n\n      <\/div>\n      <div class=\"team-content\">\n      <div class=\"team-content-inner\">\n         <h3 class=\"team-name\"><a href=\"https:\/\/nuclearelectrica.ro\/ir\/team\/nina-popa-2\/\">Nina Popa<\/a><\/h3>\n                     <div class=\"team-job\">\n               <ul style=\"list-style:none;margin-left:-17px;line-height:normal\">\n                  Membru al Consiliului de Administra\u021bie               <\/ul>\n            <\/div>\n                              <div class=\"socials-team\">\n                                                            <\/div>\n         \n      <\/div>\n   <\/div>\n   <\/div><\/div><div class=\"item-columns\"><div class=\"team-block team-v1\">\n         <div class=\"team-image\">\n         <a class=\"overlay\" href=\"https:\/\/nuclearelectrica.ro\/ir\/team\/dumitru-chirlesan\/\"><\/a>\n         <div class=\"test\">\n            <img loading=\"lazy\" decoding=\"async\" width=\"1400\" height=\"1106\" src=\"https:\/\/nuclearelectrica.ro\/ir\/wp-content\/uploads\/sites\/3\/2024\/10\/Dumitru-CHIRLESAN-1400x1106-1.jpg\" class=\"attachment-full size-full wp-post-image\" alt=\"\" srcset=\"https:\/\/nuclearelectrica.ro\/ir\/wp-content\/uploads\/sites\/3\/2024\/10\/Dumitru-CHIRLESAN-1400x1106-1.jpg 1400w, https:\/\/nuclearelectrica.ro\/ir\/wp-content\/uploads\/sites\/3\/2024\/10\/Dumitru-CHIRLESAN-1400x1106-1-1024x809.jpg 1024w, https:\/\/nuclearelectrica.ro\/ir\/wp-content\/uploads\/sites\/3\/2024\/10\/Dumitru-CHIRLESAN-1400x1106-1-768x607.jpg 768w, https:\/\/nuclearelectrica.ro\/ir\/wp-content\/uploads\/sites\/3\/2024\/10\/Dumitru-CHIRLESAN-1400x1106-1-600x474.jpg 600w\" sizes=\"(max-width: 1400px) 100vw, 1400px\" \/>         <\/div>\n\n      <\/div>\n      <div class=\"team-content\">\n      <div class=\"team-content-inner\">\n         <h3 class=\"team-name\"><a href=\"https:\/\/nuclearelectrica.ro\/ir\/team\/dumitru-chirlesan\/\">Dumitru Chirlesan<\/a><\/h3>\n                     <div class=\"team-job\">\n               <ul style=\"list-style:none;margin-left:-17px;line-height:normal\">\n                  Membru al Consiliului de Administratie               <\/ul>\n            <\/div>\n                              <div class=\"socials-team\">\n                                                            <\/div>\n         \n      <\/div>\n   <\/div>\n   <\/div><\/div><div class=\"item-columns\"><div class=\"team-block team-v1\">\n         <div class=\"team-image\">\n         <a class=\"overlay\" href=\"https:\/\/nuclearelectrica.ro\/ir\/team\/andrei-gabriel-benghea-malaies\/\"><\/a>\n         <div class=\"test\">\n            <img loading=\"lazy\" decoding=\"async\" width=\"405\" height=\"405\" src=\"https:\/\/nuclearelectrica.ro\/ir\/wp-content\/uploads\/sites\/3\/2025\/05\/IMG-20251127-WA0000.jpg\" class=\"attachment-full size-full wp-post-image\" alt=\"\" srcset=\"https:\/\/nuclearelectrica.ro\/ir\/wp-content\/uploads\/sites\/3\/2025\/05\/IMG-20251127-WA0000.jpg 405w, https:\/\/nuclearelectrica.ro\/ir\/wp-content\/uploads\/sites\/3\/2025\/05\/IMG-20251127-WA0000-180x180.jpg 180w\" sizes=\"(max-width: 405px) 100vw, 405px\" \/>         <\/div>\n\n      <\/div>\n      <div class=\"team-content\">\n      <div class=\"team-content-inner\">\n         <h3 class=\"team-name\"><a href=\"https:\/\/nuclearelectrica.ro\/ir\/team\/andrei-gabriel-benghea-malaies\/\">Andrei Gabriel Benghea Malaies<\/a><\/h3>\n                     <div class=\"team-job\">\n               <ul style=\"list-style:none;margin-left:-17px;line-height:normal\">\n                  Membru al Consiliului de Administra\u021bie               <\/ul>\n            <\/div>\n                              <div class=\"socials-team\">\n                                                            <\/div>\n         \n      <\/div>\n   <\/div>\n   <\/div><\/div><div class=\"item-columns\"><div class=\"team-block team-v1\">\n         <div class=\"team-image\">\n         <a class=\"overlay\" href=\"https:\/\/nuclearelectrica.ro\/ir\/team\/laurentiu-nicolae-cazan\/\"><\/a>\n         <div class=\"test\">\n            <img loading=\"lazy\" decoding=\"async\" width=\"1706\" height=\"2560\" src=\"https:\/\/nuclearelectrica.ro\/ir\/wp-content\/uploads\/sites\/3\/2025\/05\/Laurentiu-Cazan-portrait-1-1-scaled.jpg\" class=\"attachment-full size-full wp-post-image\" alt=\"\" srcset=\"https:\/\/nuclearelectrica.ro\/ir\/wp-content\/uploads\/sites\/3\/2025\/05\/Laurentiu-Cazan-portrait-1-1-scaled.jpg 1706w, https:\/\/nuclearelectrica.ro\/ir\/wp-content\/uploads\/sites\/3\/2025\/05\/Laurentiu-Cazan-portrait-1-1-682x1024.jpg 682w, https:\/\/nuclearelectrica.ro\/ir\/wp-content\/uploads\/sites\/3\/2025\/05\/Laurentiu-Cazan-portrait-1-1-768x1152.jpg 768w\" sizes=\"(max-width: 1706px) 100vw, 1706px\" \/>         <\/div>\n\n      <\/div>\n      <div class=\"team-content\">\n      <div class=\"team-content-inner\">\n         <h3 class=\"team-name\"><a href=\"https:\/\/nuclearelectrica.ro\/ir\/team\/laurentiu-nicolae-cazan\/\">Laurentiu Nicolae Cazan<\/a><\/h3>\n                     <div class=\"team-job\">\n               <ul style=\"list-style:none;margin-left:-17px;line-height:normal\">\n                  Presedinte al Consiliului de Administratie               <\/ul>\n            <\/div>\n                              <div class=\"socials-team\">\n                                                            <\/div>\n         \n      <\/div>\n   <\/div>\n   <\/div><\/div>        <\/div>\r\n      <\/div>\r\n        <\/div>\r\n  <\/div>\t\t\t\t<\/div>\n\t\t\t\t<\/div>\n\t\t\t\t<div class=\"elementor-element elementor-element-a7f95c6 elementor-widget elementor-widget-text-editor\" data-id=\"a7f95c6\" data-element_type=\"widget\" data-widget_type=\"text-editor.default\">\n\t\t\t\t<div class=\"elementor-widget-container\">\n\t\t\t\t\t\t\t\t\t&nbsp;\n<table style=\"height: 497px\" width=\"614\" cellspacing=\"0\" cellpadding=\"1\">\n<tbody>\n<tr>\n<td width=\"26%\"><b>Nume si anul nasterii\u00a0<\/b><\/td>\n<td width=\"15%\"><b>Functie<\/b><\/td>\n<td width=\"15%\"><b>Data numirii<\/b><\/td>\n<td width=\"14%\"><b>Data expirare mandat<\/b><\/td>\n<td width=\"14%\"><b>Afiliere politica<\/b><\/td>\n<td width=\"14%\"><b>Statut<\/b><\/td>\n<\/tr>\n<tr>\n<td width=\"26%\"><b>Grajdan Vasilica-1974\n<\/b><\/td>\n<td width=\"15%\">Membru neexecutiv independent<\/td>\n<td width=\"15%\">15.02.2023<\/td>\n<td width=\"14%\">15.02.2027<\/td>\n<td width=\"14%\">Fara afiliere politica<\/td>\n<td width=\"14%\">Final<\/td>\n<\/tr>\n<tr>\n<td width=\"26%\"><strong>Dumitru Chirlesan-1963<\/strong><\/td>\n<td width=\"15%\">Membru neexecutiv independent<\/td>\n<td width=\"15%\">15.02.2023<\/td>\n<td width=\"14%\">15.02.2027<\/td>\n<td width=\"14%\">Fara afiliere politica<\/td>\n<td width=\"14%\">Final<\/td>\n<\/tr>\n<tr>\n<td width=\"26%\"><strong>Laurentiu Nicolae Cazan &#8211; 1982<\/strong><\/td>\n<td width=\"15%\">Membru neexecutiv independent<\/td>\n<td width=\"15%\">24.11.2025<\/td>\n<td width=\"14%\">15.02.2027<\/td>\n<td width=\"14%\">Cu afiliere politica<\/td>\n<td width=\"14%\">Final<\/td>\n<\/tr>\n<tr>\n<td width=\"26%\"><strong>Andrei Ganbriel Benghea Malaies &#8211; 1980<\/strong><\/td>\n<td width=\"15%\">Membru neexecutiv independent<\/td>\n<td width=\"15%\">24.11.2025<\/td>\n<td width=\"14%\">15.02.2027<\/td>\n<td width=\"14%\">Fara afiliere politica<\/td>\n<td width=\"14%\">Final<\/td>\n<\/tr>\n<tr>\n<td width=\"26%\"><strong>Nina Popa &#8211; 1967<\/strong><\/td>\n<td width=\"15%\">Membru neexecutiv neindependent<\/td>\n<td width=\"15%\">24.11.2025<\/td>\n<td width=\"14%\">15.02.2027<\/td>\n<td width=\"14%\">Fara afiliere politica<\/td>\n<td width=\"14%\">Final<\/td>\n<\/tr>\n\n<\/tbody>\n<tbody>\n<tr>\n<td width=\"26%\"><strong>Gheorghe Ionita &#8211; 1956<\/strong><\/td>\n<td width=\"15%\">Membru neexecutiv independent<\/td>\n<td width=\"15%\">24.11.2025<\/td>\n<td width=\"14%\">15.02.2027<\/td>\n<td width=\"14%\">Cu afiliere politica<\/td>\n<td width=\"14%\">Final<\/td>\n<\/tr>\n<\/tbody>\n<\/table>\t\t\t\t\t\t\t\t<\/div>\n\t\t\t\t<\/div>\n\t\t\t\t<div class=\"elementor-element elementor-element-8d0593a elementor-widget__width-initial elementor-widget elementor-widget-gva-tabs-content\" data-id=\"8d0593a\" data-element_type=\"widget\" data-widget_type=\"gva-tabs-content.default\">\n\t\t\t\t<div class=\"elementor-widget-container\">\n\t\t\t\t\t\t\t<div class=\"gsc-tabs-content\" role=\"tablist\">\n\t\t\t<div class=\"tabs_wrapper\">\n\t\t\t\t\n\t\t\t\t<ul class=\"nav nav_tabs clearfix\">\n\t\t\t\t\t\t\t\t\t\t\t<li class=\"elementor-repeater-item-b6afc58\">\n\t\t\t\t\t\t\t<a class=\"active show\" data-toggle=\"tab\" href=\"#fj16-0\">\n\t\t\t\t\t\t\t\t<span>Laurentiu Nicolae Cazan<\/span>\n\t\t\t\t\t\t\t<\/a>\n\t\t\t\t\t\t<\/li>\n\t\t\t\t\t\t\t\t\t\t\t<li class=\"elementor-repeater-item-89fbc96\">\n\t\t\t\t\t\t\t<a class=\"\" data-toggle=\"tab\" href=\"#fj16-1\">\n\t\t\t\t\t\t\t\t<span>Andrei Gabriel Benghea Malaies<\/span>\n\t\t\t\t\t\t\t<\/a>\n\t\t\t\t\t\t<\/li>\n\t\t\t\t\t\t\t\t\t\t\t<li class=\"elementor-repeater-item-9e8f92b\">\n\t\t\t\t\t\t\t<a class=\"\" data-toggle=\"tab\" href=\"#fj16-2\">\n\t\t\t\t\t\t\t\t<span>Nina Popa<\/span>\n\t\t\t\t\t\t\t<\/a>\n\t\t\t\t\t\t<\/li>\n\t\t\t\t\t\t\t\t\t\t\t<li class=\"elementor-repeater-item-519c24f\">\n\t\t\t\t\t\t\t<a class=\"\" data-toggle=\"tab\" href=\"#fj16-3\">\n\t\t\t\t\t\t\t\t<span> Grajdan Vasilica<\/span>\n\t\t\t\t\t\t\t<\/a>\n\t\t\t\t\t\t<\/li>\n\t\t\t\t\t\t\t\t\t\t\t<li class=\"elementor-repeater-item-bdc99b9\">\n\t\t\t\t\t\t\t<a class=\"\" data-toggle=\"tab\" href=\"#fj16-4\">\n\t\t\t\t\t\t\t\t<span>Gheorghe Ionita<\/span>\n\t\t\t\t\t\t\t<\/a>\n\t\t\t\t\t\t<\/li>\n\t\t\t\t\t\t\t\t\t\t\t<li class=\"elementor-repeater-item-be51b2a\">\n\t\t\t\t\t\t\t<a class=\"\" data-toggle=\"tab\" href=\"#fj16-5\">\n\t\t\t\t\t\t\t\t<span>Chirle\u015fan Dumitru<\/span>\n\t\t\t\t\t\t\t<\/a>\n\t\t\t\t\t\t<\/li>\n\t\t\t\t\t\t\t\t\t<\/ul>\n\t\t\t\t\n\n\t\t\t\t<div class=\"tab-content clearfix\">\n\t\t\t\t\t\t\t\t\t\t\t<div class=\"tab-pane fade in active show\" role=\"tabpanel\" id=\"fj16-0\">\n\t\t\t\t\t\t\t\t\t\t\t\t\t\t<div class=\"tab-content-item no_image\">\n\t\t\t\t\t\t\t\t<table style=\"height: 622px\" width=\"589\"><tbody><tr><td width=\"138\"><p><strong>Nume<\/strong><\/p><\/td><td width=\"204\"><p><strong>Societate<\/strong><\/p><\/td><td width=\"177\"><p><strong>Func\u0163ia de\u021binut\u0103<\/strong><\/p><\/td><td width=\"99\"><p><strong>Perioada<\/strong><\/p><\/td><td width=\"106\"><p><strong>Pozi\u021bie actuala (Da\/Nu)<\/strong><\/p><\/td><\/tr><tr><td width=\"138\"><p>Cazan Laurentiu Nicolae<\/p><\/td><td width=\"204\"><p>S.C. CAZICOM S.R.L.<\/p><\/td><td width=\"177\"><p>Jurist<\/p><\/td><td width=\"99\"><p>2025-prezent<\/p><\/td><td width=\"106\"><p>Da<\/p><\/td><\/tr><tr><td width=\"138\"><p>\u00a0<\/p><\/td><td width=\"204\"><p>Parlamentul Rom\u00e2niei \u2013 Camera Deputa\u021bilor<\/p><\/td><td width=\"177\"><p>Ales Deputat in Circumscrip\u021bia electoral\u0103 nr.40 V\u00e2lcea<\/p><\/td><td width=\"99\"><p>2020-2024<\/p><\/td><td width=\"106\"><p>Nu<\/p><\/td><\/tr><tr><td width=\"138\"><p>\u00a0<\/p><\/td><td width=\"204\"><p>Consiliu de Supraveghere C.E.T. Govora S.A.<\/p><\/td><td width=\"177\"><p>Membru<\/p><\/td><td width=\"99\"><p>2015-2016<\/p><\/td><td width=\"106\"><p>Nu<\/p><\/td><\/tr><tr><td width=\"138\"><p>\u00a0<\/p><\/td><td width=\"204\"><p>Consiliu de Administra\u021bie C.E.T. Govora S.A.<\/p><\/td><td width=\"177\"><p>Membru<\/p><\/td><td width=\"99\"><p>2015-2015<\/p><\/td><td width=\"106\"><p>Nu<\/p><\/td><\/tr><tr><td width=\"138\"><p>\u00a0<\/p><\/td><td width=\"204\"><p>Cabinet de Avocat<\/p><p>Cazan Lauren\u021biu Nicolae<\/p><\/td><td width=\"177\"><p>Avocat<\/p><\/td><td width=\"99\"><p>2007-2024<\/p><\/td><td width=\"106\"><p>Nu<\/p><\/td><\/tr><tr><td width=\"138\"><p>\u00a0<\/p><\/td><td width=\"204\"><p>S.C. IULCOM S.R.L.<\/p><\/td><td width=\"177\"><p>Administrator<\/p><\/td><td width=\"99\"><p>2003-2007<\/p><\/td><td width=\"106\"><p>Nu<\/p><\/td><\/tr><\/tbody><\/table>\t\t\t\t\t\t\t<\/div>\n\t\t\t\t\t\t<\/div>\n\t\t\t\t\t\n\t\t\t\t\t\t\t\t\t\t\t<div class=\"tab-pane fade in \" role=\"tabpanel\" id=\"fj16-1\">\n\t\t\t\t\t\t\t\t\t\t\t\t\t\t<div class=\"tab-content-item no_image\">\n\t\t\t\t\t\t\t\t<table style=\"height: 399px\" width=\"620\"><tbody><tr><td width=\"114\"><strong>Nume<\/strong><\/td><td width=\"174\"><strong>Societate<\/strong><\/td><td width=\"216\"><strong>Functia detinuta<\/strong><\/td><td width=\"96\"><strong>Perioada<\/strong><\/td><td width=\"124\"><strong>Pozitie actuala (Da\/Nu)<\/strong><\/td><\/tr><tr><td rowspan=\"6\" width=\"114\">Andrei Benghea &#8211; Malaies<\/td><td width=\"174\">SPV CEO-TE<\/td><td width=\"216\">Director General<\/td><td width=\"96\">Mai 2023- Prezent<\/td><td width=\"124\">Da<\/td><\/tr><tr><td width=\"174\">DEER<\/td><td width=\"216\">Membru Consiliu Administratie<\/td><td width=\"96\">Iul 2022-Martie 2024<\/td><td width=\"124\">Nu<\/td><\/tr><tr><td width=\"174\">TAROM<\/td><td width=\"216\">Director Financiar<\/td><td width=\"96\">Sept 2020-Iunie 2021<\/td><td width=\"124\">Nu<\/td><\/tr><tr><td width=\"174\">EY Romania<\/td><td width=\"216\">Partener Consultanta si Coordonator Sector Publci<\/td><td width=\"96\">Mai 2014-Oct 2018<\/td><td width=\"124\">Nu<\/td><\/tr><tr><td width=\"174\">Transelectrica<\/td><td width=\"216\">Membru Consiliu Administratie, Director General, Presedinte Directorat<\/td><td width=\"96\">Mai 2010-Februarie 2014<\/td><td width=\"124\">Nu<\/td><\/tr><tr><td width=\"174\">McKinsey &amp; Company<\/td><td width=\"216\">Junior Associate CEE<\/td><td width=\"96\">Mai 2007-Aug 2009<\/td><td width=\"124\">Nu<\/td><\/tr><\/tbody><\/table>\t\t\t\t\t\t\t<\/div>\n\t\t\t\t\t\t<\/div>\n\t\t\t\t\t\n\t\t\t\t\t\t\t\t\t\t\t<div class=\"tab-pane fade in \" role=\"tabpanel\" id=\"fj16-2\">\n\t\t\t\t\t\t\t\t\t\t\t\t\t\t<div class=\"tab-content-item no_image\">\n\t\t\t\t\t\t\t\t<p>\u00a0<\/p><table width=\"574\"><tbody><tr><td width=\"138\"><strong>Nume<\/strong><\/td><td width=\"204\"><strong>Societate<\/strong><\/td><td width=\"177\"><strong>Func\u0163ia de\u021binut\u0103<\/strong><\/td><td width=\"99\"><strong>Perioada<\/strong><\/td><td width=\"106\"><strong>Pozi\u021bie actuala (Da\/Nu)<\/strong><\/td><\/tr><tr><td width=\"138\">Nina Popa<\/td><td width=\"204\">Ministerul Finantelor<\/td><td width=\"177\">Functionar Public<\/td><td width=\"99\">2014- prezent<\/td><td width=\"106\">Da<\/td><\/tr><tr><td width=\"138\">\u00a0<\/td><td width=\"204\">Ministerul Economiei<\/td><td width=\"177\">Functionar Public<\/td><td width=\"99\">1992-2014<\/td><td width=\"106\">Nu<\/td><\/tr><\/tbody><\/table>\t\t\t\t\t\t\t<\/div>\n\t\t\t\t\t\t<\/div>\n\t\t\t\t\t\n\t\t\t\t\t\t\t\t\t\t\t<div class=\"tab-pane fade in \" role=\"tabpanel\" id=\"fj16-3\">\n\t\t\t\t\t\t\t\t\t\t\t\t\t\t<div class=\"tab-content-item no_image\">\n\t\t\t\t\t\t\t\t<table width=\"0\">\n<tbody>\n<tr>\n<td width=\"92\"><strong>Nume<\/strong><\/td>\n<td width=\"168\"><strong>Societate<\/strong><\/td>\n<td width=\"114\"><strong>Functia detinuta<\/strong><\/td>\n<td width=\"158\"><strong>Perioada<\/strong><\/td>\n<td width=\"58\"><strong>Pozitie actuala (Da\/Nu)<\/strong><\/td>\n<\/tr>\n<tr>\n<td rowspan=\"5\" width=\"92\">Vasilica Grajdan<\/td>\n<td width=\"168\">SNTGN \u201eTRANSGAZ\u201d SA<\/td>\n<td width=\"114\">Director Organizare \u0219i Planificare Resurse Umane<\/td>\n<td width=\"158\">2017-prezent<\/td>\n<td width=\"58\">Da<\/td>\n<\/tr>\n<tr>\n<td width=\"168\">Enel Rom\u00e2nia<\/td>\n<td width=\"114\">Manager Resurse Umane<\/td>\n<td width=\"158\">2015-2017<\/td>\n<td width=\"58\">Nu<\/td>\n<\/tr>\n<\/tbody>\n<\/table>\t\t\t\t\t\t\t<\/div>\n\t\t\t\t\t\t<\/div>\n\t\t\t\t\t\n\t\t\t\t\t\t\t\t\t\t\t<div class=\"tab-pane fade in \" role=\"tabpanel\" id=\"fj16-4\">\n\t\t\t\t\t\t\t\t\t\t\t\t\t\t<div class=\"tab-content-item no_image\">\n\t\t\t\t\t\t\t\t<p>\u00a0<\/p><table width=\"0\"><tbody><tr><td width=\"92\"><strong>Nume<\/strong><\/td><td width=\"168\"><strong>Societate<\/strong><\/td><td width=\"114\"><strong>Functia detinuta<\/strong><\/td><td width=\"158\"><strong>Perioada<\/strong><\/td><td width=\"58\"><strong>Pozitie actuala (Da\/Nu)<\/strong><\/td><\/tr><tr><td rowspan=\"2\" width=\"92\"><strong>Ionita Gheorghe<\/strong><\/td><td width=\"168\">Regia Autonoma Tehnologii pentrui Energetica Nucleara(RATEN)<\/td><td width=\"114\">Membru neexecutiv al Consiliului de Admnistratie<\/td><td width=\"158\">2021- prezent<\/td><td width=\"58\">Da<\/td><\/tr><tr><td width=\"168\">Institutul de Criogenie si Separari Izotopice -ICSI Rm.Valcea<\/td><td width=\"114\">Cercetator Stiintific gradul I-Presedintele Consiliului Stiintific<\/td><td width=\"158\">2012-2024<\/td><td width=\"58\">Nu<\/td><\/tr><tr><td width=\"168\">\u00a0<\/td><td width=\"114\">Comisia Nationala pentru Controlul Activitatilor Nucleare(CNCAN)<\/td><td width=\"158\">Presedinte (Secretar de Stat) CNCAN<\/td><td width=\"58\">2020-2021<\/td><td width=\"58\">Nu<\/td><\/tr><tr><td width=\"168\">\u00a0<\/td><td width=\"114\">Agentia Nucleara si pentru Deseuri Radioactive (ANDR)<\/td><td width=\"158\">Sef Serviciu Depozitare Definitiva<\/td><td width=\"58\">2009-2010<\/td><td width=\"58\">Nu<\/td><\/tr><tr><td width=\"168\">\u00a0<\/td><td width=\"114\">Agentia Nationala pentru Deseuri Radioactive-(ANDRAD<\/td><td width=\"158\">Presedinte\u00a0 ANDRAD<\/td><td width=\"58\">2005-2009<\/td><td width=\"58\">Nu<\/td><\/tr><tr><td width=\"168\">\u00a0<\/td><td width=\"114\">Institutul de Criogenie si Separarari Izotopice-ICSI Rm Valcea<\/td><td width=\"158\"><p>Cecetator Stiintific II &#8211; III<\/p><p>Sef laborator<\/p><\/td><td width=\"58\">2001- 2005<\/td><td width=\"58\">Nu<\/td><\/tr><tr><td width=\"168\">\u00a0<\/td><td width=\"114\">Tokyo Institute of Technology- Japonia<\/td><td width=\"158\">Bursier postdoctoral JSPS<\/td><td width=\"58\">1999- 2001<\/td><td width=\"58\">Nu<\/td><\/tr><tr><td width=\"168\">\u00a0<\/td><td width=\"114\">Institutul de Criogenie si separarari Izotopice-ICSI Rm Valcea<\/td><td width=\"158\"><p>Cercetator Stiintific II-III<\/p><p><span style=\"font-size: inherit\">Sef Laborator<\/span><\/p><\/td><td width=\"58\">1993-1999<\/td><td width=\"58\">Nu<\/td><\/tr><tr><td width=\"168\">\u00a0<\/td><td width=\"114\">Uzina G Rm Valcea<\/td><td width=\"158\">Chimist<\/td><td width=\"58\">1981- 1992<\/td><td width=\"58\">Nu<\/td><\/tr><\/tbody><\/table>\t\t\t\t\t\t\t<\/div>\n\t\t\t\t\t\t<\/div>\n\t\t\t\t\t\n\t\t\t\t\t\t\t\t\t\t\t<div class=\"tab-pane fade in \" role=\"tabpanel\" id=\"fj16-5\">\n\t\t\t\t\t\t\t\t\t\t\t\t\t\t<div class=\"tab-content-item no_image\">\n\t\t\t\t\t\t\t\t<table>\n<tbody>\n<tr>\n<td width=\"18\"><strong>Nume<\/strong><\/td>\n<td width=\"232\"><strong>Societate <\/strong><\/td>\n<td width=\"125\"><strong>Func\u0163ia de\u0163inut\u0103 <\/strong><\/td>\n<td width=\"125\"><strong>Perioada <\/strong><\/td>\n<td width=\"125\"><strong>Pozi\u0163ie actual\u0103 (Da\/Nu)<\/strong><\/td>\n<\/tr>\n<tr>\n<td rowspan=\"13\" width=\"18\">Chirle\u015fan Dumitru<\/td>\n<td width=\"232\">Universitatea din Pite\u015fti<\/td>\n<td width=\"125\">Rector<\/td>\n<td width=\"125\">2016 \u2013 prezent<\/td>\n<td width=\"125\">Da<\/td>\n<\/tr>\n<tr>\n<td width=\"232\">Universitatea din Pite\u015fti, Departamentul Ingineria Mediului \u015fi \u0218tiin\u0163e Inginere\u015fti Aplicate<\/td>\n<td width=\"125\">Conferen\u0163iar Universitar Dr.<\/td>\n<td width=\"125\">2003 \u2013 prezent<\/td>\n<td width=\"125\">Da<\/td>\n<\/tr>\n<tr>\n<td width=\"232\">Universitatea din Pite\u015fti, Centrul de Proiect\u0103ri pentru Proiecte de Dezvoltare Durabil\u0103<\/td>\n<td width=\"125\">Manager<\/td>\n<td width=\"125\">2013 \u2013 prezent<\/td>\n<td width=\"125\">Da<\/td>\n<\/tr>\n<tr>\n<td width=\"232\">SC CENTRINO AG SRL<\/td>\n<td width=\"125\">Manager<\/td>\n<td width=\"125\">2014 \u2013 prezent<\/td>\n<td width=\"125\">Da<\/td>\n<\/tr>\n<tr>\n<td width=\"232\">Comisia European\u0103 prin IBF International Consulting<\/td>\n<td width=\"125\">Expert European<\/td>\n<td width=\"125\">2011 \u2013\u00a0 2013<\/td>\n<td width=\"125\">Nu<\/td>\n<\/tr>\n<tr>\n<td width=\"232\">Comisia European\u0103 prin Centre International D\u2019Etudes Pedagogiques<\/td>\n<td width=\"125\">Expert European<\/td>\n<td width=\"125\">2010 \u2013 2012<\/td>\n<td width=\"125\">Nu<\/td>\n<\/tr>\n<tr>\n<td width=\"232\">Universitatea din Pite\u015fti<\/td>\n<td width=\"125\">Prorector<\/td>\n<td width=\"125\">2004 \u2013 2012<\/td>\n<td width=\"125\">Nu<\/td>\n<\/tr>\n<tr>\n<td width=\"232\">Universitatea din Pite\u015fti<\/td>\n<td width=\"125\">Conferen\u0163iar Universitar<\/td>\n<td width=\"125\">2003 \u2013 prezent<\/td>\n<td width=\"125\">Da<\/td>\n<\/tr>\n<tr>\n<td width=\"232\">Grupul pentru Integrare European\u0103 (GEI)<\/td>\n<td width=\"125\">Pre\u015fedinte<\/td>\n<td width=\"125\">2002 \u2013 prezent<\/td>\n<td width=\"125\">Da<\/td>\n<\/tr>\n<tr>\n<td width=\"232\">Editura Universit\u0103\u0163ii din Pite\u015fti<\/td>\n<td width=\"125\">Director<\/td>\n<td width=\"125\">2000 \u2013 2004<\/td>\n<td width=\"125\">Nu<\/td>\n<\/tr>\n<tr>\n<td width=\"232\">Universitatea din Pite\u015fti<\/td>\n<td width=\"125\">Lector Universitar<\/td>\n<td width=\"125\">1997 \u2013 2003<\/td>\n<td width=\"125\">Nu<\/td>\n<\/tr>\n<tr>\n<td width=\"232\">Centrul de Formare \u201eMuntenia\u201d<\/td>\n<td width=\"125\">Director Executiv<\/td>\n<td width=\"125\">1995 \u2013 2001<\/td>\n<td width=\"125\">Nu<\/td>\n<\/tr>\n<tr>\n<td width=\"232\">Funda\u0163ia Universitar\u0103 Pite\u015fti<\/td>\n<td width=\"125\">Secretar \u0218tiin\u0163ific<\/td>\n<td width=\"125\">1995 \u2013 2001<\/td>\n<td width=\"125\">Nu<\/td>\n<\/tr>\n<\/tbody>\n<\/table>\t\t\t\t\t\t\t<\/div>\n\t\t\t\t\t\t<\/div>\n\t\t\t\t\t\n\t\t\t\t\t\t\t\t\t<\/div>\n\t\t\t<\/div>\t\n\t\t<\/div>\n\n\t\t\t\t\t\t<\/div>\n\t\t\t\t<\/div>\n\t\t\t\t\t<\/div>\n\t\t<\/div>\n\t\t\t\t\t<\/div>\n\t\t<\/section>\n\t\t\t\t<section class=\"elementor-section elementor-top-section elementor-element elementor-element-c6cce26 elementor-section-boxed elementor-section-height-default elementor-section-height-default\" data-id=\"c6cce26\" data-element_type=\"section\">\n\t\t\t\t\t\t<div class=\"elementor-container elementor-column-gap-default\">\n\t\t\t\t\t<div class=\"elementor-column elementor-col-100 elementor-top-column elementor-element elementor-element-48a2079 top column-style-top\" data-id=\"48a2079\" data-element_type=\"column\">\n\t\t\t<div class=\"elementor-widget-wrap elementor-element-populated\">\n\t\t\t\t\t\t<div class=\"elementor-element elementor-element-f628fb3 elementor-widget elementor-widget-text-editor\" data-id=\"f628fb3\" data-element_type=\"widget\" data-widget_type=\"text-editor.default\">\n\t\t\t\t<div class=\"elementor-widget-container\">\n\t\t\t\t\t\t\t\t\t<p><strong>Forma contractului de mandat aprobat prin Hotararea AGOA 12\/ AGA 24.11.2025<\/strong><\/p><p><a href=\"https:\/\/nuclearelectrica.ro\/ir\/wp-content\/uploads\/sites\/3\/2025\/11\/RO-SNN-proiect-contract-mandat.pdf\">https:\/\/nuclearelectrica.ro\/ir\/wp-content\/uploads\/sites\/3\/2025\/11\/RO-SNN-proiect-contract-mandat.pdf<\/a><\/p><p><strong>Forma Contractului de mandat pentru membri provizorii aprobata prin Hotararea AGOA 7 \/\u00a0 AGA 03.09.2025<\/strong><\/p><p><a href=\"https:\/\/nuclearelectrica.ro\/ir\/wp-content\/uploads\/sites\/3\/2025\/08\/ro-ANEXA-1-CONTRACT-DE-MANDAT.pdf\">https:\/\/nuclearelectrica.ro\/ir\/wp-content\/uploads\/sites\/3\/2025\/08\/ro-ANEXA-1-CONTRACT-DE-MANDAT.pdf<\/a><\/p><p><strong>Forma actului aditional la contract de mandat pentru membri provizorii aprobat prin Hotararea AGOA 7 \/ AGA 03.09.2025<\/strong><\/p><p><a href=\"https:\/\/nuclearelectrica.ro\/ir\/wp-content\/uploads\/sites\/3\/2025\/08\/ro-ANEXA-2-ACT-ADITIONAL-LA-CONTRACT-DE-MANDAT.pdf\">https:\/\/nuclearelectrica.ro\/ir\/wp-content\/uploads\/sites\/3\/2025\/08\/ro-ANEXA-2-ACT-ADITIONAL-LA-CONTRACT-DE-MANDAT.pdf<\/a><\/p><p><strong>Forma actului aditional la contractul de mandat incheiat cu membri CA selectati conform OUG 109\/2011 aprobat prin Hotararea AGOA 7\/ AGA 03.09.2025<\/strong><\/p><p><a href=\"https:\/\/nuclearelectrica.ro\/ir\/wp-content\/uploads\/sites\/3\/2025\/08\/ro-ANEXA-3-FORMA-ACT-ADITIONAL-.pdf\">https:\/\/nuclearelectrica.ro\/ir\/wp-content\/uploads\/sites\/3\/2025\/08\/ro-ANEXA-3-FORMA-ACT-ADITIONAL-.pdf<\/a><\/p><p><strong>Forma contractului de mandat aprobata prin Hotararea AGOA 5 \/\u00a0 AGA 24.04.2025<\/strong><\/p><p><a href=\"https:\/\/nuclearelectrica.ro\/ir\/wp-content\/uploads\/sites\/3\/2025\/04\/contract-de-mandat-forma-propusa-ME-.pdf\">https:\/\/nuclearelectrica.ro\/ir\/wp-content\/uploads\/sites\/3\/2025\/04\/contract-de-mandat-forma-propusa-ME-.pdf<\/a><\/p><p><strong>Forma actului aditional la contractual de mandat aprobat prin\u00a0 Hotararea AGOA 3\/ AGA 09.04.2025<\/strong><\/p><p><a href=\"https:\/\/nuclearelectrica.ro\/ir\/wp-content\/uploads\/sites\/3\/2025\/03\/AGOA-PCT-2-3-4-Solicitare-convocare-Agoa.pdf\">https:\/\/nuclearelectrica.ro\/ir\/wp-content\/uploads\/sites\/3\/2025\/03\/AGOA-PCT-2-3-4-Solicitare-convocare-Agoa.pdf<\/a><\/p><h3><strong>INDICATORI DE PERFORMANTA\u00a0<\/strong><\/h3><p><a href=\"https:\/\/nuclearelectrica.ro\/ir\/wp-content\/uploads\/sites\/3\/2026\/01\/ROIndicatorii-cheie-de-performanta-financiari-si-nefinanciari.pdf\">Indicatorii cheie de performan\u021b\u0103 financiari \u0219i nefinanciari rezulta\u021bi din planul de administrare 2023-2027 al Societatii Nationale NUCLEARELECTRICA S.A. pentru administratorii neexecutivi ai Consiliului de Administratie<\/a><\/p><p><a href=\"https:\/\/nuclearelectrica.ro\/ir\/wp-content\/uploads\/sites\/3\/2026\/01\/Anexa-5_1_KPI_Director-General_revizuita-2025_pentru-site.pdf\">Indicatori de performan\u021b\u0103 pentru Directorul General al S.N. Nuclearelectrica S.A. pe perioada contractului de mandat<\/a><\/p><p><a href=\"https:\/\/nuclearelectrica.ro\/ir\/wp-content\/uploads\/sites\/3\/2026\/01\/Anexa-5_1_KPI_Director-Financiar_revizuita-2025_pentru-site.pdf\">Indicatori de performan\u021b\u0103 pentru Directorul Financiar al S.N. Nuclearelectrica S.A. pe perioada contractului de mandat<\/a><\/p><p>\u00a0<\/p><p>\u00a0<\/p>\t\t\t\t\t\t\t\t<\/div>\n\t\t\t\t<\/div>\n\t\t\t\t\t<\/div>\n\t\t<\/div>\n\t\t\t\t\t<\/div>\n\t\t<\/section>\n\t\t\t\t<\/div>\n\t\t","protected":false},"excerpt":{"rendered":"<p>Componen\u021ba Consiliului de Administra\u021bie al Societ\u0103\u021bii Na\u021bionale Nuclearelectrica SA Gheorghe Ionita Membru al Consiliului de Administra\u021bie Vasilica Grajdan Membru al Consiliului de Administra\u021bie Nina Popa Membru al Consiliului de Administra\u021bie Dumitru Chirlesan Membru al Consiliului de Administratie Andrei Gabriel Benghea Malaies Membru al Consiliului de Administra\u021bie Laurentiu Nicolae Cazan Presedinte al Consiliului de Administratie &nbsp; [&hellip;]<\/p>\n","protected":false},"author":2,"featured_media":0,"parent":13704,"menu_order":0,"comment_status":"closed","ping_status":"closed","template":"","meta":{"footnotes":""},"class_list":["post-13809","page","type-page","status-publish","hentry"],"_links":{"self":[{"href":"https:\/\/nuclearelectrica.ro\/ir\/wp-json\/wp\/v2\/pages\/13809","targetHints":{"allow":["GET"]}}],"collection":[{"href":"https:\/\/nuclearelectrica.ro\/ir\/wp-json\/wp\/v2\/pages"}],"about":[{"href":"https:\/\/nuclearelectrica.ro\/ir\/wp-json\/wp\/v2\/types\/page"}],"author":[{"embeddable":true,"href":"https:\/\/nuclearelectrica.ro\/ir\/wp-json\/wp\/v2\/users\/2"}],"replies":[{"embeddable":true,"href":"https:\/\/nuclearelectrica.ro\/ir\/wp-json\/wp\/v2\/comments?post=13809"}],"version-history":[{"count":217,"href":"https:\/\/nuclearelectrica.ro\/ir\/wp-json\/wp\/v2\/pages\/13809\/revisions"}],"predecessor-version":[{"id":49156,"href":"https:\/\/nuclearelectrica.ro\/ir\/wp-json\/wp\/v2\/pages\/13809\/revisions\/49156"}],"up":[{"embeddable":true,"href":"https:\/\/nuclearelectrica.ro\/ir\/wp-json\/wp\/v2\/pages\/13704"}],"wp:attachment":[{"href":"https:\/\/nuclearelectrica.ro\/ir\/wp-json\/wp\/v2\/media?parent=13809"}],"curies":[{"name":"wp","href":"https:\/\/api.w.org\/{rel}","templated":true}]}}